{"id":15073,"date":"2026-04-29T09:56:46","date_gmt":"2026-04-29T07:56:46","guid":{"rendered":"https:\/\/sgimmo.lu\/properties\/location-bureau-strassen-86372544\/"},"modified":"2026-04-29T09:56:46","modified_gmt":"2026-04-29T07:56:46","slug":"location-bureau-strassen-86372544","status":"publish","type":"wdk-listing","link":"https:\/\/sgimmo.lu\/en\/properties\/location-bureau-strassen-86372544\/","title":{"rendered":"Bureau de 22 m2 \u00e0 louer \u00e0 Bourmicht"},"content":{"rendered":"<p>*** Bureau de 22 m2 \u00e0 louer ***<\/p>\n\n\n\n<p>En plein c\u0153ur de la zone de Bourmicht, tr\u00e8s fr\u00e9quent\u00e9e, proche des axes autoroutiers et de la ville, bus juste en face de l&rsquo;immeuble (arr\u00eat \u00ab\u00a0les Thermes\u00a0\u00bb bus 27).<\/p>\n\n\n\n<p>&#8211; Au 1er \u00e9tage d&rsquo;un business center.\r<br>&#8211; 1 place de parking est incluse. Un parking visiteur courte dur\u00e9e est \u00e9galement disponible devant le b\u00e2timent.\r<br>&#8211; L&rsquo;utilisation de la cuisine et des sanitaires communs ainsi que la possibilit\u00e9 de r\u00e9server la salle de r\u00e9union commune compl\u00e8tent ce bien.<\/p>\n\n\n\n<p>&#8211; Loyer 712,00 Euros\r<br>&#8211; Charges 258 Euros (entretien et d\u00e9penses pour les communs et ext\u00e9rieurs, gardien et s\u00e9curit\u00e9, forfait \u00e9lectricit\u00e9, chauffage et \u00e9lectricit\u00e9 avec d\u00e9compte annuel)\r<br>&#8211; D\u00e9p\u00f4t garantie : 2.910 Euros\r<br>&#8211; Frais d&rsquo;agence : 833,04 Euros TTC<\/p>\n\n\n\n<p>Pour tout renseignement compl\u00e9mentaire et visite, veuillez formuler votre demande ou nous contacter.<\/p>","protected":false},"excerpt":{"rendered":"<p>*** Bureau de 22 m2 \u00e0 louer *** En plein c\u0153ur de la zone de Bourmicht, tr\u00e8s fr\u00e9quent\u00e9e, proche des axes autoroutiers et de la ville, bus juste en face de l&rsquo;immeuble (arr\u00eat \u00ab\u00a0les Thermes\u00a0\u00bb bus 27). &#8211; Au 1er \u00e9tage d&rsquo;un business center. &#8211; 1 place de parking est incluse. Un parking visiteur courte [&hellip;]<\/p>\n","protected":false},"author":1,"featured_media":0,"template":"","meta":[],"class_list":["post-15073","wdk-listing","type-wdk-listing","status-publish","hentry"],"custom_fields":{"idlisting":"150","post_id":"15073","transition_id":null,"category_id":"27","location_id":"125","is_primary":null,"last_edit_user_id":null,"related_id":null,"is_featured":"0","is_activated":"1","is_approved":"1","lat":"49.620440","lng":"6.070390","address":" Strassen ","rank":"1","date":"2026-04-29 09:57:03","date_modified":null,"date_activated":null,"date_rank_expire":null,"date_alert":null,"date_notify":null,"date_repost":null,"date_renew":null,"date_activation_paid":null,"date_featured_paid":null,"date_status":null,"date_expire":null,"status":null,"last_edit_ip":null,"counter_views":"7","reviews_stars":null,"listing_images":"16454,16455,16456,16457,16458","affilate_id":null,"not_notified_user":null,"hubspot_id":null,"date_package_expire":null,"package_id":null,"listing_images_path":"2026\/04\/a85466278db727b3648876bdb63aa04b_ecd5a0464f_4032-original-8-scaled.jpg,2026\/04\/23b519a0bcd16236af5d3050c1c47845_810b8714c9_4096-original-8-scaled.jpg,2026\/04\/3df1b62f471410604b0ac76d7e13499d_82731cbfbb_4032-original-8-scaled.jpg,2026\/04\/2104c213f30466d8467d4c2d92dbf7f1_9184c944ea_4032-original-8-scaled.jpg,2026\/04\/ca8af4125ccd2b60d2c54a3eccab5d01_1cf92dccb4_4032-original-8-scaled.jpg","subscription_id":null,"user_id_editor":"7","listing_plans_documents":"","categories_list":"","locations_list":"","listing_images_path_medium":"2026\/04\/a85466278db727b3648876bdb63aa04b_ecd5a0464f_4032-original-8-scaled.jpg,2026\/04\/23b519a0bcd16236af5d3050c1c47845_810b8714c9_4096-original-8-scaled.jpg,2026\/04\/3df1b62f471410604b0ac76d7e13499d_82731cbfbb_4032-original-8-scaled.jpg,2026\/04\/2104c213f30466d8467d4c2d92dbf7f1_9184c944ea_4032-original-8-scaled.jpg,2026\/04\/ca8af4125ccd2b60d2c54a3eccab5d01_1cf92dccb4_4032-original-8-scaled.jpg","listing_related_ids":"","sublisting_order":null,"listing_parent_post_id":null,"user_id_editor_display_name":"","user_id_editor_user_login":"","user_id_editor_wdk_slug":"","user_id_editor_avatar":"","counter_results_views":"107","ID":"15073","post_author":"1","post_date":"2026-04-29 09:56:46","post_date_gmt":"2026-04-29 07:56:46","post_content":"<!-- wp:paragraph -->\n<p>*** Bureau de 22 m2 \u00e0 louer ***<\/p>\n<!-- \/wp:paragraph -->\n\n<!-- wp:paragraph -->\n<p>En plein c\u0153ur de la zone de Bourmicht, tr\u00e8s fr\u00e9quent\u00e9e, proche des axes autoroutiers et de la ville, bus juste en face de l'immeuble (arr\u00eat \"les Thermes\" bus 27).<\/p>\n<!-- \/wp:paragraph -->\n\n<!-- wp:paragraph -->\n<p>- Au 1er \u00e9tage d'un business center.\r<br>- 1 place de parking est incluse. Un parking visiteur courte dur\u00e9e est \u00e9galement disponible devant le b\u00e2timent.\r<br>- L'utilisation de la cuisine et des sanitaires communs ainsi que la possibilit\u00e9 de r\u00e9server la salle de r\u00e9union commune compl\u00e8tent ce bien.<\/p>\n<!-- \/wp:paragraph -->\n\n<!-- wp:paragraph -->\n<p>- Loyer 712,00 Euros\r<br>- Charges 258 Euros (entretien et d\u00e9penses pour les communs et ext\u00e9rieurs, gardien et s\u00e9curit\u00e9, forfait \u00e9lectricit\u00e9, chauffage et \u00e9lectricit\u00e9 avec d\u00e9compte annuel)\r<br>- D\u00e9p\u00f4t garantie : 2.910 Euros\r<br>- Frais d'agence : 833,04 Euros TTC<\/p>\n<!-- \/wp:paragraph -->\n\n<!-- wp:paragraph -->\n<p>Pour tout renseignement compl\u00e9mentaire et visite, veuillez formuler votre demande ou nous contacter.<\/p>\n<!-- \/wp:paragraph -->","post_title":"Bureau de 22 m2 \u00e0 louer \u00e0 Bourmicht","post_excerpt":"","post_status":"publish","comment_status":"open","ping_status":"open","post_password":"","post_name":"location-bureau-strassen-86372544","to_ping":"","pinged":"","post_modified":"2026-04-29 09:56:46","post_modified_gmt":"2026-04-29 07:56:46","post_content_filtered":"","post_parent":"0","guid":"https:\/\/sgimmo.lu\/properties\/location-bureau-strassen-86372544\/","menu_order":"1","post_type":"wdk-listing","post_mime_type":"","comment_count":"0","idlistings_fields":"150","lang_code":null,"field_2_TEXTAREA":"Bureau location \u00e0 Strassen. D\u00e9couvrez ce bien propos\u00e9 par SG Immobilier Luxembourg.","field_3_INPUTBOX":"Bureau Strassen, immobilier Strassen, Bureau location Strassen, agence immobiliere Strassen, SG Immobilier Luxembourg","field_5_DROPDOWN":"Location","field_6_NUMBER":"712.00","field_8_NUMBER":"22.00","field_10_NUMBER":null,"field_11_NUMBER":null,"field_13_NUMBER":null,"field_14_NUMBER":null,"field_15_NUMBER":null,"field_16_INPUTBOX":"86372544-B17","field_17_DROPDOWN":"I","field_19_INPUTBOX":"LU","field_20_INPUTBOX":null,"field_21_INPUTBOX":"Strassen","field_22_INPUTBOX":null,"field_23_INPUTBOX":null,"field_24_INPUTBOX":null,"field_25_INPUTBOX":null,"field_28_CHECKBOX":null,"field_31_CHECKBOX":null,"field_33_CHECKBOX":null,"field_37_CHECKBOX":null,"field_41_CHECKBOX":null,"field_42_CHECKBOX":null,"field_43_CHECKBOX":null,"field_47_CHECKBOX":null,"field_50_INPUTBOX":null,"field_51_INPUTBOX":null,"field_52_TEXTAREA":null,"field_53_TEXTAREA":null,"field_67_INPUTBOX":null,"field_68_CHECKBOX":null,"field_69_CHECKBOX":null,"field_70_INPUTBOX":null,"field_70_CHECKBOX":null,"field_71_INPUTBOX":null,"field_71_CHECKBOX":null,"field_72_CHECKBOX":null,"field_73_CHECKBOX":null,"field_74_CHECKBOX":null,"field_75_CHECKBOX":null,"field_76_CHECKBOX":"1","field_77_CHECKBOX":null,"field_78_CHECKBOX":null,"field_79_CHECKBOX":"1","field_80_CHECKBOX":null,"field_81_CHECKBOX":null,"field_82_CHECKBOX":null,"field_83_CHECKBOX":null,"field_84_CHECKBOX":null,"field_85_CHECKBOX":null,"field_87_CHECKBOX":null,"field_88_CHECKBOX":null,"field_89_CHECKBOX":null,"field_90_CHECKBOX":null,"field_91_CHECKBOX":null,"field_92_CHECKBOX":null,"field_93_INPUTBOX":null,"field_94_CHECKBOX":null,"field_93_CHECKBOX":null,"field_47_INPUTBOX":null,"field_96_NUMBER":null,"field_47_NUMBER":"1.00","field_97_CHECKBOX":null,"field_99_NUMBER":null,"field_100_CHECKBOX":null,"field_101_CHECKBOX":null,"field_102_CHECKBOX":null,"field_103_CHECKBOX":null,"field_104_CHECKBOX":null,"field_105_DROPDOWN":null,"field_106_CHECKBOX":null,"field_109_CHECKBOX":null,"field_110_NUMBER":"1.00","field_111_NUMBER":null,"field_112_DROPDOWN":"I","field_113_CHECKBOX":null,"field_114_CHECKBOX":null,"field_115_CHECKBOX":null,"field_116_CHECKBOX":null,"field_117_CHECKBOX":null,"field_118_CHECKBOX":null,"field_119_CHECKBOX":null,"field_120_CHECKBOX":null,"field_121_CHECKBOX":null,"field_122_INPUTBOX":null,"field_123_CHECKBOX":null,"field_124_CHECKBOX":null,"field_125_NUMBER":null,"field_126_NUMBER":null,"field_127_NUMBER":null,"field_128_CHECKBOX":null,"field_129_CHECKBOX":null,"field_130_CHECKBOX":null,"field_131_CHECKBOX":null,"field_132_CHECKBOX":null,"field_133_CHECKBOX":null,"field_134_CHECKBOX":null,"field_135_NUMBER":null,"field_136_CHECKBOX":null,"field_135_CHECKBOX":null,"field_122_CHECKBOX":null,"field_137_INPUTBOX":null,"field_138_CHECKBOX":null,"field_137_CHECKBOX":null,"field_139_CHECKBOX":null,"field_140_CHECKBOX":null,"field_141_CHECKBOX":null,"field_142_CHECKBOX":null,"field_143_CHECKBOX":null,"field_144_CHECKBOX":null,"field_145_CHECKBOX":null,"field_146_CHECKBOX":null,"field_147_CHECKBOX":null,"field_148_TEXTAREA_WYSIWYG":"*** 22 m\u00b2 office space to let ***\r\n\r\nLocated in the heart of the bustling Bourmicht area, close to motorways and the city centre, with a bus stop right outside the building (stop \u201cLes Thermes\u201d, bus 27).\r\n\r\nIt is on the first floor of a business centre.\r\n- One parking space included. Short-stay visitor parking is also available in front of the building.\r\nUse of the shared kitchen and restrooms, as well as the option to reserve the shared meeting room, is also included.\r\n\r\nRent: \u20ac712.00\r\nCharges: \u20ac258 (maintenance and expenses for communal areas and exteriors, caretaker and security, electricity and heating with annual billing).\r\nSecurity deposit: \u20ac2,910\r\n- Agency fees: \u20ac833.04 including tax\r\n\r\nTo arrange a viewing or for further information, please submit your request or contact us.","field_149_INPUTBOX":"22 m\u00b2 office for rent in Bourmicht","field_150_NUMBER":"258.00","field_151_DROPDOWN":"Bon \u00e9tat","field_154_DROPDOWN":null,"field_155_CHECKBOX":null,"field_156_CHECKBOX":null,"field_157_CHECKBOX":"1","field_158_CHECKBOX":null,"field_159_CHECKBOX":null,"field_160_CHECKBOX":null,"field_161_CHECKBOX":null,"field_162_CHECKBOX":null,"field_163_CHECKBOX":null,"field_164_CHECKBOX":null,"field_165_CHECKBOX":null,"field_166_CHECKBOX":null,"field_167_CHECKBOX":null,"field_169_CHECKBOX":null,"field_170_CHECKBOX":null,"field_171_CHECKBOX":null,"field_172_CHECKBOX":null,"field_173_CHECKBOX":null,"field_174_CHECKBOX":null,"field_175_TEXTAREA_WYSIWYG":null,"field_176_TEXTAREA_WYSIWYG":null,"field_175_TEXTAREA":"<div class=\"apimo-rooms-table\" style=\"font-family:Poppins,sans-serif\"><div class=\"apimo-rooms-group\"><div class=\"apimo-rooms-group-title\" style=\"font-family:Poppins,sans-serif;font-size:12px;line-height:1.4;font-weight:500;text-transform:uppercase;letter-spacing:0.03em;margin:0 0 10px 0\">SURFACES<\/div><table class=\"apimo-rooms-table-inner\" style=\"border-collapse:collapse;border-spacing:0;margin:0\"><colgroup><col><col><\/colgroup><tbody><tr><td class=\"apimo-room-label\" style=\"padding:10px 12px;vertical-align:top;font-family:Poppins,sans-serif;font-size:12px;line-height:1.4;font-weight:400\">1 Parking ext\u00e9rieur<\/td><td class=\"apimo-room-area\" style=\"padding:10px 12px;text-align:right;font-family:Poppins,sans-serif;font-size:12px;line-height:1.4;font-weight:600;white-space:nowrap;vertical-align:top\"><\/td><\/tr><\/tbody><\/table><\/div><\/div>","field_176_TEXTAREA":"<div class=\"apimo-rooms-table\" style=\"font-family:Poppins,sans-serif\"><div class=\"apimo-rooms-group\"><div class=\"apimo-rooms-group-title\" style=\"font-family:Poppins,sans-serif;font-size:12px;line-height:1.4;font-weight:500;text-transform:uppercase;letter-spacing:0.03em;margin:0 0 10px 0\">AREAS<\/div><table class=\"apimo-rooms-table-inner\" style=\"border-collapse:collapse;border-spacing:0;margin:0\"><colgroup><col><col><\/colgroup><tbody><tr><td class=\"apimo-room-label\" style=\"padding:10px 12px;vertical-align:top;font-family:Poppins,sans-serif;font-size:12px;line-height:1.4;font-weight:400\">1 Outdoor parking<\/td><td class=\"apimo-room-area\" style=\"padding:10px 12px;text-align:right;font-family:Poppins,sans-serif;font-size:12px;line-height:1.4;font-weight:600;white-space:nowrap;vertical-align:top\"><\/td><\/tr><\/tbody><\/table><\/div><\/div>","field_177_CHECKBOX":null,"field_178_CHECKBOX":null,"field_179_CHECKBOX":null,"field_180_CHECKBOX":null,"field_181_CHECKBOX":null,"field_182_CHECKBOX":null,"field_183_CHECKBOX":null,"field_184_INPUTBOX":null,"field_185_INPUTBOX":null,"field_186_INPUTBOX":null,"field_105_INPUTBOX":"Mazout","field_187_CHECKBOX":null,"field_188_CHECKBOX":"1","field_189_INPUTBOX":"Collectif","field_190_CHECKBOX":null,"field_191_CHECKBOX":null,"field_192_CHECKBOX":null,"field_193_INPUTBOX":null,"field_194_INPUTBOX":"Chaudi\u00e8re","field_195_INPUTBOX":"Collective","field_196_INPUTBOX":null,"field_197_INPUTBOX":null,"field_198_INPUTBOX":"Standard","field_199_INPUTBOX":null,"field_200_INPUTBOX":null,"field_202_CHECKBOX":null,"field_203_CHECKBOX":null,"field_204_INPUTBOX":null,"field_205_CHECKBOX":null,"field_204_CHECKBOX":null,"field_206_CHECKBOX":null,"field_207_CHECKBOX":"1","field_208_CHECKBOX":null,"field_209_CHECKBOX":null,"field_210_CHECKBOX":null,"field_211_CHECKBOX":null,"field_212_CHECKBOX":"1","field_213_CHECKBOX":null,"field_214_CHECKBOX":null,"field_215_CHECKBOX":null,"field_216_CHECKBOX":null,"field_217_CHECKBOX":null,"field_218_CHECKBOX":null,"field_219_CHECKBOX":null,"field_220_CHECKBOX":null,"field_221_CHECKBOX":null,"field_222_CHECKBOX":null,"field_223_CHECKBOX":null,"field_224_CHECKBOX":null,"field_225_CHECKBOX":null,"field_226_CHECKBOX":null,"field_227_CHECKBOX":null,"field_228_CHECKBOX":null,"field_229_CHECKBOX":null,"field_230_CHECKBOX":null,"field_231_CHECKBOX":null,"field_232_CHECKBOX":null,"field_233_CHECKBOX":null,"field_234_CHECKBOX":null,"field_235_CHECKBOX":null,"field_236_CHECKBOX":null,"field_237_CHECKBOX":null,"field_238_CHECKBOX":null,"field_239_CHECKBOX":null,"field_240_CHECKBOX":null,"field_241_CHECKBOX":null,"field_242_CHECKBOX":null,"field_243_CHECKBOX":null,"field_244_CHECKBOX":null,"field_245_CHECKBOX":null,"field_246_CHECKBOX":"1","field_248_CHECKBOX":null,"field_249_CHECKBOX":null,"field_250_CHECKBOX":null,"field_251_CHECKBOX":null,"field_252_CHECKBOX":null,"field_253_CHECKBOX":null,"field_254_CHECKBOX":null,"field_255_CHECKBOX":null,"field_256_CHECKBOX":null,"field_257_CHECKBOX":null,"field_258_CHECKBOX":null,"field_259_CHECKBOX":null,"field_260_CHECKBOX":null,"field_261_CHECKBOX":null,"field_262_CHECKBOX":null,"field_263_CHECKBOX":null,"field_264_CHECKBOX":null,"field_265_CHECKBOX":null,"field_266_CHECKBOX":null,"field_267_CHECKBOX":null,"field_268_CHECKBOX":null,"field_269_CHECKBOX":null,"field_270_CHECKBOX":null,"field_271_CHECKBOX":null,"field_272_CHECKBOX":null,"field_273_CHECKBOX":null,"field_274_CHECKBOX":null,"field_275_CHECKBOX":null,"field_276_CHECKBOX":null,"field_277_CHECKBOX":null,"field_278_CHECKBOX":null,"field_193_CHECKBOX":null,"field_184_CHECKBOX":null,"field_185_CHECKBOX":null,"field_186_CHECKBOX":null,"field_154_TEXTAREA":null,"field_155_NUMBER":"1.00","field_279_INPUTBOX":null,"field_280_INPUTBOX":null,"field_281_INPUTBOX":null,"field_282_CHECKBOX":"1","field_283_CHECKBOX":null,"field_284_NUMBER":"1.00","field_286_CHECKBOX":null,"field_287_CHECKBOX":null,"field_288_CHECKBOX":null,"field_289_CHECKBOX":"1","field_290_CHECKBOX":null,"fields_post_id":"15073","location_title":"Strassen","category_title":"Bureau"},"_links":{"self":[{"href":"https:\/\/sgimmo.lu\/en\/wp-json\/wp\/v2\/wdk-listing\/15073","targetHints":{"allow":["GET"]}}],"collection":[{"href":"https:\/\/sgimmo.lu\/en\/wp-json\/wp\/v2\/wdk-listing"}],"about":[{"href":"https:\/\/sgimmo.lu\/en\/wp-json\/wp\/v2\/types\/wdk-listing"}],"author":[{"embeddable":true,"href":"https:\/\/sgimmo.lu\/en\/wp-json\/wp\/v2\/users\/1"}],"version-history":[{"count":1,"href":"https:\/\/sgimmo.lu\/en\/wp-json\/wp\/v2\/wdk-listing\/15073\/revisions"}],"predecessor-version":[{"id":15263,"href":"https:\/\/sgimmo.lu\/en\/wp-json\/wp\/v2\/wdk-listing\/15073\/revisions\/15263"}],"wp:attachment":[{"href":"https:\/\/sgimmo.lu\/en\/wp-json\/wp\/v2\/media?parent=15073"}],"curies":[{"name":"wp","href":"https:\/\/api.w.org\/{rel}","templated":true}]}}