{"id":15079,"date":"2026-04-29T09:57:04","date_gmt":"2026-04-29T07:57:04","guid":{"rendered":"https:\/\/sgimmo.lu\/properties\/location-local-commercial-strassen-5018562\/"},"modified":"2026-04-29T09:57:04","modified_gmt":"2026-04-29T07:57:04","slug":"location-local-commercial-strassen-5018562","status":"publish","type":"wdk-listing","link":"https:\/\/sgimmo.lu\/en\/properties\/location-local-commercial-strassen-5018562\/","title":{"rendered":"Local commercial \u00e0 louer \u00e0 Bourmicht Strassen"},"content":{"rendered":"<p>Grand local commercial \u00e0 louer \u00e0 Bourmicht Strassen<\/p>\n\n\n\n<p>En plein c\u0153ur de la zone de Bourmicht, tr\u00e8s fr\u00e9quent\u00e9e, proche des axes autoroutiers et de la ville, bus juste en face de l&rsquo;immeuble (arr\u00eat \u00ab\u00a0les Thermes\u00a0\u00bb bus 27).<\/p>\n\n\n\n<p>&#8211; Au sein d&rsquo;un business center avec entr\u00e9e individuelle et ind\u00e9pendante,\r<br>&#8211; Local commercial avec vitrine (7,25 x 2,55),\r<br>&#8211; 2 bureaux ind\u00e9pendants,\r<br>&#8211; Grand showroom ou espace de vente de 105 m2,\r<br>&#8211; 1 parking d\u00e9di\u00e9 et 4 parkings visiteurs, \r<br>&#8211; Toilettes homme et femme.<\/p>\n\n\n\n<p>&#8211; Loyer 4.249 Euros\r<br>&#8211; Charges 433 Euros (communs, ext\u00e9rieurs, s\u00e9curit\u00e9, eau)\r<br>&#8211; Electricit\u00e9, chauffage, ordures estim\u00e9s \u00e0 298 Euros selon consommation dernier locataire\r<br>&#8211; D\u00e9p\u00f4t garantie : 14.940 Euros\r<br>&#8211; Frais d&rsquo;agence \u00e0 charge du preneur : 4.971,33 Euros TTC<\/p>\n\n\n\n<p>Pour tout renseignement compl\u00e9mentaire et visites, veuillez formuler votre demande ou nous contacter.<\/p>","protected":false},"excerpt":{"rendered":"<p>Grand local commercial \u00e0 louer \u00e0 Bourmicht Strassen En plein c\u0153ur de la zone de Bourmicht, tr\u00e8s fr\u00e9quent\u00e9e, proche des axes autoroutiers et de la ville, bus juste en face de l&rsquo;immeuble (arr\u00eat \u00ab\u00a0les Thermes\u00a0\u00bb bus 27). &#8211; Au sein d&rsquo;un business center avec entr\u00e9e individuelle et ind\u00e9pendante, &#8211; Local commercial avec vitrine (7,25 x [&hellip;]<\/p>\n","protected":false},"author":1,"featured_media":0,"template":"","meta":[],"class_list":["post-15079","wdk-listing","type-wdk-listing","status-publish","hentry"],"custom_fields":{"idlisting":"151","post_id":"15079","transition_id":null,"category_id":"28","location_id":"125","is_primary":null,"last_edit_user_id":null,"related_id":null,"is_featured":"0","is_activated":"1","is_approved":"1","lat":"49.620440","lng":"6.070390","address":" Strassen ","rank":"1","date":"2026-04-29 09:57:46","date_modified":null,"date_activated":null,"date_rank_expire":null,"date_alert":null,"date_notify":null,"date_repost":null,"date_renew":null,"date_activation_paid":null,"date_featured_paid":null,"date_status":null,"date_expire":null,"status":null,"last_edit_ip":null,"counter_views":"9","reviews_stars":null,"listing_images":"16459,16460,16461,16462,16463,16464,16465,16466,16467,16468,16469,16470","affilate_id":null,"not_notified_user":null,"hubspot_id":null,"date_package_expire":null,"package_id":null,"listing_images_path":"2026\/04\/02630f9ec5d299b7a688eec4d70baad0_0860355922_4096-original-8-scaled.jpg,2026\/04\/bae0e265d62ca38a28c70351cbfc995a_80d6c00fc7_3855-original-8-scaled.jpg,2026\/04\/3de4928ef294668c9a396879b8f931ed_de008b7170_4032-original-8-scaled.jpg,2026\/04\/6d29cfbcacb3956488cedf85b4c2f31d_b633bef474_3890-original-8-scaled.jpg,2026\/04\/8b942da2ff44716e6e98e4fbc81a3918_36d1f45d4b_4032-original-8-scaled.jpg,2026\/04\/fd8ab821dea37265b4f39bf4014a4302_a27bed3e54_3841-original-8-scaled.jpg,2026\/04\/5c6f2172368063221823d39466b11d9c_46d3659e4f_4032-original-8-scaled.jpg,2026\/04\/217ad9aed97a5a94e4308a2e5887bfcf_f201da3531_3933-original-8-scaled.jpg,2026\/04\/6c4984cd3a5aa8070df471e66137a3db_2758e40364_3947-original-8-scaled.jpg,2026\/04\/1547a5202d6970023d6cd956b2b8e223_87c17e43e6_3976-original-8-scaled.jpg,2026\/04\/0a051e027b3a9aa13456e71e5b93b2b4_8f9bc5943f_4032-original-8-scaled.jpg,2026\/04\/9e230742ad23bac146212bead2c0fd47_f27ebf27a5_2850-original-8-scaled.jpg","subscription_id":null,"user_id_editor":"7","listing_plans_documents":"","categories_list":"","locations_list":"","listing_images_path_medium":"2026\/04\/02630f9ec5d299b7a688eec4d70baad0_0860355922_4096-original-8-scaled.jpg,2026\/04\/bae0e265d62ca38a28c70351cbfc995a_80d6c00fc7_3855-original-8-scaled.jpg,2026\/04\/3de4928ef294668c9a396879b8f931ed_de008b7170_4032-original-8-scaled.jpg,2026\/04\/6d29cfbcacb3956488cedf85b4c2f31d_b633bef474_3890-original-8-scaled.jpg,2026\/04\/8b942da2ff44716e6e98e4fbc81a3918_36d1f45d4b_4032-original-8-scaled.jpg,2026\/04\/fd8ab821dea37265b4f39bf4014a4302_a27bed3e54_3841-original-8-scaled.jpg,2026\/04\/5c6f2172368063221823d39466b11d9c_46d3659e4f_4032-original-8-scaled.jpg,2026\/04\/217ad9aed97a5a94e4308a2e5887bfcf_f201da3531_3933-original-8-scaled.jpg,2026\/04\/6c4984cd3a5aa8070df471e66137a3db_2758e40364_3947-original-8-scaled.jpg,2026\/04\/1547a5202d6970023d6cd956b2b8e223_87c17e43e6_3976-original-8-scaled.jpg,2026\/04\/0a051e027b3a9aa13456e71e5b93b2b4_8f9bc5943f_4032-original-8-scaled.jpg,2026\/04\/9e230742ad23bac146212bead2c0fd47_f27ebf27a5_2850-original-8-scaled.jpg","listing_related_ids":"","sublisting_order":null,"listing_parent_post_id":null,"user_id_editor_display_name":"","user_id_editor_user_login":"","user_id_editor_wdk_slug":"","user_id_editor_avatar":"","counter_results_views":"114","ID":"15079","post_author":"1","post_date":"2026-04-29 09:57:04","post_date_gmt":"2026-04-29 07:57:04","post_content":"<!-- wp:paragraph -->\n<p>Grand local commercial \u00e0 louer \u00e0 Bourmicht Strassen<\/p>\n<!-- \/wp:paragraph -->\n\n<!-- wp:paragraph -->\n<p>En plein c\u0153ur de la zone de Bourmicht, tr\u00e8s fr\u00e9quent\u00e9e, proche des axes autoroutiers et de la ville, bus juste en face de l'immeuble (arr\u00eat \"les Thermes\" bus 27).<\/p>\n<!-- \/wp:paragraph -->\n\n<!-- wp:paragraph -->\n<p>- Au sein d'un business center avec entr\u00e9e individuelle et ind\u00e9pendante,\r<br>- Local commercial avec vitrine (7,25 x 2,55),\r<br>- 2 bureaux ind\u00e9pendants,\r<br>- Grand showroom ou espace de vente de 105 m2,\r<br>- 1 parking d\u00e9di\u00e9 et 4 parkings visiteurs, \r<br>- Toilettes homme et femme.<\/p>\n<!-- \/wp:paragraph -->\n\n<!-- wp:paragraph -->\n<p>- Loyer 4.249 Euros\r<br>- Charges 433 Euros (communs, ext\u00e9rieurs, s\u00e9curit\u00e9, eau)\r<br>- Electricit\u00e9, chauffage, ordures estim\u00e9s \u00e0 298 Euros selon consommation dernier locataire\r<br>- D\u00e9p\u00f4t garantie : 14.940 Euros\r<br>- Frais d'agence \u00e0 charge du preneur : 4.971,33 Euros TTC<\/p>\n<!-- \/wp:paragraph -->\n\n<!-- wp:paragraph -->\n<p>Pour tout renseignement compl\u00e9mentaire et visites, veuillez formuler votre demande ou nous contacter.<\/p>\n<!-- \/wp:paragraph -->","post_title":"Local commercial \u00e0 louer \u00e0 Bourmicht Strassen","post_excerpt":"","post_status":"publish","comment_status":"open","ping_status":"open","post_password":"","post_name":"location-local-commercial-strassen-5018562","to_ping":"","pinged":"","post_modified":"2026-04-29 09:57:04","post_modified_gmt":"2026-04-29 07:57:04","post_content_filtered":"","post_parent":"0","guid":"https:\/\/sgimmo.lu\/properties\/location-local-commercial-strassen-5018562\/","menu_order":"1","post_type":"wdk-listing","post_mime_type":"","comment_count":"0","idlistings_fields":"151","lang_code":null,"field_2_TEXTAREA":"Local commercial location \u00e0 Strassen. D\u00e9couvrez ce bien propos\u00e9 par SG Immobilier Luxembourg.","field_3_INPUTBOX":"Local commercial Strassen, immobilier Strassen, Local commercial location Strassen, agence immobiliere Strassen, SG Immobilier Luxembourg","field_5_DROPDOWN":"Location","field_6_NUMBER":"4249.00","field_8_NUMBER":"131.00","field_10_NUMBER":null,"field_11_NUMBER":null,"field_13_NUMBER":null,"field_14_NUMBER":null,"field_15_NUMBER":null,"field_16_INPUTBOX":"5018562-LCS1","field_17_DROPDOWN":"I","field_19_INPUTBOX":"LU","field_20_INPUTBOX":null,"field_21_INPUTBOX":"Strassen","field_22_INPUTBOX":null,"field_23_INPUTBOX":null,"field_24_INPUTBOX":null,"field_25_INPUTBOX":null,"field_28_CHECKBOX":null,"field_31_CHECKBOX":null,"field_33_CHECKBOX":null,"field_37_CHECKBOX":null,"field_41_CHECKBOX":null,"field_42_CHECKBOX":null,"field_43_CHECKBOX":null,"field_47_CHECKBOX":null,"field_50_INPUTBOX":null,"field_51_INPUTBOX":null,"field_52_TEXTAREA":null,"field_53_TEXTAREA":null,"field_67_INPUTBOX":null,"field_68_CHECKBOX":null,"field_69_CHECKBOX":null,"field_70_INPUTBOX":null,"field_70_CHECKBOX":null,"field_71_INPUTBOX":null,"field_71_CHECKBOX":null,"field_72_CHECKBOX":null,"field_73_CHECKBOX":null,"field_74_CHECKBOX":null,"field_75_CHECKBOX":null,"field_76_CHECKBOX":"1","field_77_CHECKBOX":null,"field_78_CHECKBOX":null,"field_79_CHECKBOX":null,"field_80_CHECKBOX":null,"field_81_CHECKBOX":null,"field_82_CHECKBOX":null,"field_83_CHECKBOX":null,"field_84_CHECKBOX":null,"field_85_CHECKBOX":null,"field_87_CHECKBOX":null,"field_88_CHECKBOX":null,"field_89_CHECKBOX":null,"field_90_CHECKBOX":null,"field_91_CHECKBOX":null,"field_92_CHECKBOX":null,"field_93_INPUTBOX":null,"field_94_CHECKBOX":null,"field_93_CHECKBOX":null,"field_47_INPUTBOX":null,"field_96_NUMBER":null,"field_47_NUMBER":"5.00","field_97_CHECKBOX":null,"field_99_NUMBER":null,"field_100_CHECKBOX":null,"field_101_CHECKBOX":null,"field_102_CHECKBOX":null,"field_103_CHECKBOX":null,"field_104_CHECKBOX":null,"field_105_DROPDOWN":null,"field_106_CHECKBOX":null,"field_109_CHECKBOX":null,"field_110_NUMBER":"5.00","field_111_NUMBER":null,"field_112_DROPDOWN":"I","field_113_CHECKBOX":null,"field_114_CHECKBOX":null,"field_115_CHECKBOX":null,"field_116_CHECKBOX":null,"field_117_CHECKBOX":null,"field_118_CHECKBOX":null,"field_119_CHECKBOX":null,"field_120_CHECKBOX":null,"field_121_CHECKBOX":null,"field_122_INPUTBOX":null,"field_123_CHECKBOX":null,"field_124_CHECKBOX":"1","field_125_NUMBER":null,"field_126_NUMBER":null,"field_127_NUMBER":null,"field_128_CHECKBOX":null,"field_129_CHECKBOX":null,"field_130_CHECKBOX":null,"field_131_CHECKBOX":null,"field_132_CHECKBOX":null,"field_133_CHECKBOX":null,"field_134_CHECKBOX":null,"field_135_NUMBER":null,"field_136_CHECKBOX":null,"field_135_CHECKBOX":null,"field_122_CHECKBOX":null,"field_137_INPUTBOX":null,"field_138_CHECKBOX":null,"field_137_CHECKBOX":null,"field_139_CHECKBOX":null,"field_140_CHECKBOX":null,"field_141_CHECKBOX":null,"field_142_CHECKBOX":null,"field_143_CHECKBOX":null,"field_144_CHECKBOX":null,"field_145_CHECKBOX":null,"field_146_CHECKBOX":null,"field_147_CHECKBOX":null,"field_148_TEXTAREA_WYSIWYG":"Large commercial space for rent in the Bourmicht area of Strassen.\r\n\r\nLocated in the heart of the busy Bourmicht area, close to motorways and the city centre. There is a bus stop right outside the building (stop \"Les Thermes\", bus 27).\r\n\r\nIt is located in a business centre with its own separate entrance.\r\n- Commercial space with a window display measuring 7.25 x 2.55 m.\r\n- Two separate offices,\r\n- A large showroom or sales area measuring 105 m\u00b2\r\n- one dedicated parking space and four visitor parking spaces. \r\n- Men's and women's toilets.\r\n\r\n- Rent: \u20ac4,249\r\n- Charges: \u20ac433 (communal areas, exterior areas, security, water)\r\n- Electricity, heating and waste disposal estimated at \u20ac298 based on previous tenant's consumption\r\n- Security deposit: \u20ac14,940\r\n- Agency fees payable by the tenant: \u20ac4,971.33 including VAT\r\n\r\nFor further information and to arrange viewings, please submit your request or contact us.","field_149_INPUTBOX":"Commercial space for rent in Bourmicht Strassen","field_150_NUMBER":"433.00","field_151_DROPDOWN":"Bon \u00e9tat","field_154_DROPDOWN":null,"field_155_CHECKBOX":null,"field_156_CHECKBOX":null,"field_157_CHECKBOX":"1","field_158_CHECKBOX":null,"field_159_CHECKBOX":null,"field_160_CHECKBOX":null,"field_161_CHECKBOX":null,"field_162_CHECKBOX":null,"field_163_CHECKBOX":null,"field_164_CHECKBOX":null,"field_165_CHECKBOX":null,"field_166_CHECKBOX":null,"field_167_CHECKBOX":null,"field_169_CHECKBOX":null,"field_170_CHECKBOX":null,"field_171_CHECKBOX":null,"field_172_CHECKBOX":null,"field_173_CHECKBOX":null,"field_174_CHECKBOX":null,"field_175_TEXTAREA_WYSIWYG":null,"field_176_TEXTAREA_WYSIWYG":null,"field_175_TEXTAREA":"<div class=\"apimo-rooms-table\" style=\"font-family:Poppins,sans-serif\"><div class=\"apimo-rooms-group\"><div class=\"apimo-rooms-group-title\" style=\"font-family:Poppins,sans-serif;font-size:12px;line-height:1.4;font-weight:500;text-transform:uppercase;letter-spacing:0.03em;margin:0 0 10px 0\">SURFACES<\/div><table class=\"apimo-rooms-table-inner\" style=\"border-collapse:collapse;border-spacing:0;margin:0\"><colgroup><col><col><\/colgroup><tbody><tr><td class=\"apimo-room-label\" style=\"padding:10px 12px;vertical-align:top;font-family:Poppins,sans-serif;font-size:12px;line-height:1.4;font-weight:400\">1 Bureau<\/td><td class=\"apimo-room-area\" style=\"padding:10px 12px;text-align:right;font-family:Poppins,sans-serif;font-size:12px;line-height:1.4;font-weight:600;white-space:nowrap;vertical-align:top\">14.22 m\u00b2<\/td><\/tr><tr><td class=\"apimo-room-label\" style=\"padding:10px 12px;vertical-align:top;font-family:Poppins,sans-serif;font-size:12px;line-height:1.4;font-weight:400\">1 Commerce<\/td><td class=\"apimo-room-area\" style=\"padding:10px 12px;text-align:right;font-family:Poppins,sans-serif;font-size:12px;line-height:1.4;font-weight:600;white-space:nowrap;vertical-align:top\">105.34 m\u00b2<\/td><\/tr><tr><td class=\"apimo-room-label\" style=\"padding:10px 12px;vertical-align:top;font-family:Poppins,sans-serif;font-size:12px;line-height:1.4;font-weight:400\">4 Parking ext\u00e9rieur<\/td><td class=\"apimo-room-area\" style=\"padding:10px 12px;text-align:right;font-family:Poppins,sans-serif;font-size:12px;line-height:1.4;font-weight:600;white-space:nowrap;vertical-align:top\"><\/td><\/tr><tr><td class=\"apimo-room-label\" style=\"padding:10px 12px;vertical-align:top;font-family:Poppins,sans-serif;font-size:12px;line-height:1.4;font-weight:400\">1 Parking ext\u00e9rieur<\/td><td class=\"apimo-room-area\" style=\"padding:10px 12px;text-align:right;font-family:Poppins,sans-serif;font-size:12px;line-height:1.4;font-weight:600;white-space:nowrap;vertical-align:top\"><\/td><\/tr><tr><td class=\"apimo-room-label\" style=\"padding:10px 12px;vertical-align:top;font-family:Poppins,sans-serif;font-size:12px;line-height:1.4;font-weight:400\">1 Bureau<\/td><td class=\"apimo-room-area\" style=\"padding:10px 12px;text-align:right;font-family:Poppins,sans-serif;font-size:12px;line-height:1.4;font-weight:600;white-space:nowrap;vertical-align:top\">11.62 m\u00b2<\/td><\/tr><tr><td class=\"apimo-room-label\" style=\"padding:10px 12px;vertical-align:top;font-family:Poppins,sans-serif;font-size:12px;line-height:1.4;font-weight:400\">2 WC<\/td><td class=\"apimo-room-area\" style=\"padding:10px 12px;text-align:right;font-family:Poppins,sans-serif;font-size:12px;line-height:1.4;font-weight:600;white-space:nowrap;vertical-align:top\"><\/td><\/tr><\/tbody><\/table><\/div><\/div>","field_176_TEXTAREA":"<div class=\"apimo-rooms-table\" style=\"font-family:Poppins,sans-serif\"><div class=\"apimo-rooms-group\"><div class=\"apimo-rooms-group-title\" style=\"font-family:Poppins,sans-serif;font-size:12px;line-height:1.4;font-weight:500;text-transform:uppercase;letter-spacing:0.03em;margin:0 0 10px 0\">AREAS<\/div><table class=\"apimo-rooms-table-inner\" style=\"border-collapse:collapse;border-spacing:0;margin:0\"><colgroup><col><col><\/colgroup><tbody><tr><td class=\"apimo-room-label\" style=\"padding:10px 12px;vertical-align:top;font-family:Poppins,sans-serif;font-size:12px;line-height:1.4;font-weight:400\">1 Office<\/td><td class=\"apimo-room-area\" style=\"padding:10px 12px;text-align:right;font-family:Poppins,sans-serif;font-size:12px;line-height:1.4;font-weight:600;white-space:nowrap;vertical-align:top\">14.22 m\u00b2<\/td><\/tr><tr><td class=\"apimo-room-label\" style=\"padding:10px 12px;vertical-align:top;font-family:Poppins,sans-serif;font-size:12px;line-height:1.4;font-weight:400\">1 Shop<\/td><td class=\"apimo-room-area\" style=\"padding:10px 12px;text-align:right;font-family:Poppins,sans-serif;font-size:12px;line-height:1.4;font-weight:600;white-space:nowrap;vertical-align:top\">105.34 m\u00b2<\/td><\/tr><tr><td class=\"apimo-room-label\" style=\"padding:10px 12px;vertical-align:top;font-family:Poppins,sans-serif;font-size:12px;line-height:1.4;font-weight:400\">4 Outdoor parking<\/td><td class=\"apimo-room-area\" style=\"padding:10px 12px;text-align:right;font-family:Poppins,sans-serif;font-size:12px;line-height:1.4;font-weight:600;white-space:nowrap;vertical-align:top\"><\/td><\/tr><tr><td class=\"apimo-room-label\" style=\"padding:10px 12px;vertical-align:top;font-family:Poppins,sans-serif;font-size:12px;line-height:1.4;font-weight:400\">1 Outdoor parking<\/td><td class=\"apimo-room-area\" style=\"padding:10px 12px;text-align:right;font-family:Poppins,sans-serif;font-size:12px;line-height:1.4;font-weight:600;white-space:nowrap;vertical-align:top\"><\/td><\/tr><tr><td class=\"apimo-room-label\" style=\"padding:10px 12px;vertical-align:top;font-family:Poppins,sans-serif;font-size:12px;line-height:1.4;font-weight:400\">1 Office<\/td><td class=\"apimo-room-area\" style=\"padding:10px 12px;text-align:right;font-family:Poppins,sans-serif;font-size:12px;line-height:1.4;font-weight:600;white-space:nowrap;vertical-align:top\">11.62 m\u00b2<\/td><\/tr><tr><td class=\"apimo-room-label\" style=\"padding:10px 12px;vertical-align:top;font-family:Poppins,sans-serif;font-size:12px;line-height:1.4;font-weight:400\">2 Lavatory<\/td><td class=\"apimo-room-area\" style=\"padding:10px 12px;text-align:right;font-family:Poppins,sans-serif;font-size:12px;line-height:1.4;font-weight:600;white-space:nowrap;vertical-align:top\"><\/td><\/tr><\/tbody><\/table><\/div><\/div>","field_177_CHECKBOX":null,"field_178_CHECKBOX":null,"field_179_CHECKBOX":null,"field_180_CHECKBOX":null,"field_181_CHECKBOX":null,"field_182_CHECKBOX":null,"field_183_CHECKBOX":null,"field_184_INPUTBOX":null,"field_185_INPUTBOX":null,"field_186_INPUTBOX":null,"field_105_INPUTBOX":"Gaz","field_187_CHECKBOX":null,"field_188_CHECKBOX":"1","field_189_INPUTBOX":"Collectif","field_190_CHECKBOX":null,"field_191_CHECKBOX":null,"field_192_CHECKBOX":null,"field_193_INPUTBOX":null,"field_194_INPUTBOX":"Chaudi\u00e8re","field_195_INPUTBOX":"Collective","field_196_INPUTBOX":null,"field_197_INPUTBOX":null,"field_198_INPUTBOX":"Standard","field_199_INPUTBOX":null,"field_200_INPUTBOX":null,"field_202_CHECKBOX":null,"field_203_CHECKBOX":null,"field_204_INPUTBOX":null,"field_205_CHECKBOX":null,"field_204_CHECKBOX":null,"field_206_CHECKBOX":null,"field_207_CHECKBOX":null,"field_208_CHECKBOX":null,"field_209_CHECKBOX":null,"field_210_CHECKBOX":null,"field_211_CHECKBOX":null,"field_212_CHECKBOX":null,"field_213_CHECKBOX":null,"field_214_CHECKBOX":null,"field_215_CHECKBOX":null,"field_216_CHECKBOX":null,"field_217_CHECKBOX":null,"field_218_CHECKBOX":null,"field_219_CHECKBOX":null,"field_220_CHECKBOX":null,"field_221_CHECKBOX":null,"field_222_CHECKBOX":null,"field_223_CHECKBOX":null,"field_224_CHECKBOX":null,"field_225_CHECKBOX":null,"field_226_CHECKBOX":null,"field_227_CHECKBOX":null,"field_228_CHECKBOX":null,"field_229_CHECKBOX":null,"field_230_CHECKBOX":null,"field_231_CHECKBOX":null,"field_232_CHECKBOX":null,"field_233_CHECKBOX":null,"field_234_CHECKBOX":null,"field_235_CHECKBOX":null,"field_236_CHECKBOX":null,"field_237_CHECKBOX":null,"field_238_CHECKBOX":null,"field_239_CHECKBOX":null,"field_240_CHECKBOX":null,"field_241_CHECKBOX":null,"field_242_CHECKBOX":null,"field_243_CHECKBOX":null,"field_244_CHECKBOX":null,"field_245_CHECKBOX":null,"field_246_CHECKBOX":"1","field_248_CHECKBOX":null,"field_249_CHECKBOX":null,"field_250_CHECKBOX":null,"field_251_CHECKBOX":null,"field_252_CHECKBOX":null,"field_253_CHECKBOX":null,"field_254_CHECKBOX":null,"field_255_CHECKBOX":null,"field_256_CHECKBOX":null,"field_257_CHECKBOX":null,"field_258_CHECKBOX":null,"field_259_CHECKBOX":null,"field_260_CHECKBOX":null,"field_261_CHECKBOX":null,"field_262_CHECKBOX":null,"field_263_CHECKBOX":null,"field_264_CHECKBOX":null,"field_265_CHECKBOX":null,"field_266_CHECKBOX":null,"field_267_CHECKBOX":null,"field_268_CHECKBOX":null,"field_269_CHECKBOX":null,"field_270_CHECKBOX":null,"field_271_CHECKBOX":null,"field_272_CHECKBOX":null,"field_273_CHECKBOX":null,"field_274_CHECKBOX":null,"field_275_CHECKBOX":null,"field_276_CHECKBOX":null,"field_277_CHECKBOX":null,"field_278_CHECKBOX":null,"field_193_CHECKBOX":null,"field_184_CHECKBOX":null,"field_185_CHECKBOX":null,"field_186_CHECKBOX":null,"field_154_TEXTAREA":null,"field_155_NUMBER":"1.00","field_279_INPUTBOX":null,"field_280_INPUTBOX":null,"field_281_INPUTBOX":null,"field_282_CHECKBOX":"1","field_283_CHECKBOX":null,"field_284_NUMBER":"1.00","field_286_CHECKBOX":null,"field_287_CHECKBOX":null,"field_288_CHECKBOX":null,"field_289_CHECKBOX":"1","field_290_CHECKBOX":null,"fields_post_id":"15079","location_title":"Strassen","category_title":"Local commercial"},"_links":{"self":[{"href":"https:\/\/sgimmo.lu\/en\/wp-json\/wp\/v2\/wdk-listing\/15079","targetHints":{"allow":["GET"]}}],"collection":[{"href":"https:\/\/sgimmo.lu\/en\/wp-json\/wp\/v2\/wdk-listing"}],"about":[{"href":"https:\/\/sgimmo.lu\/en\/wp-json\/wp\/v2\/types\/wdk-listing"}],"author":[{"embeddable":true,"href":"https:\/\/sgimmo.lu\/en\/wp-json\/wp\/v2\/users\/1"}],"version-history":[{"count":1,"href":"https:\/\/sgimmo.lu\/en\/wp-json\/wp\/v2\/wdk-listing\/15079\/revisions"}],"predecessor-version":[{"id":15269,"href":"https:\/\/sgimmo.lu\/en\/wp-json\/wp\/v2\/wdk-listing\/15079\/revisions\/15269"}],"wp:attachment":[{"href":"https:\/\/sgimmo.lu\/en\/wp-json\/wp\/v2\/media?parent=15079"}],"curies":[{"name":"wp","href":"https:\/\/api.w.org\/{rel}","templated":true}]}}