{"id":16255,"date":"2026-04-30T10:25:37","date_gmt":"2026-04-30T08:25:37","guid":{"rendered":"https:\/\/sgimmo.lu\/properties\/location-appartement-luxembourg-1-chambres-86958953\/"},"modified":"2026-04-30T10:25:37","modified_gmt":"2026-04-30T08:25:37","slug":"location-appartement-luxembourg-1-chambres-86958953","status":"publish","type":"wdk-listing","link":"https:\/\/sgimmo.lu\/en\/properties\/location-appartement-luxembourg-1-chambres-86958953\/","title":{"rendered":"\u00c0 louer &#8211; Appartement meubl\u00e9 1 chambre &#8211; Luxembourg-Gare"},"content":{"rendered":"<p>Posez vos valises dans ce charmant appartement id\u00e9alement situ\u00e9 dans le quartier de la gare, rue de Reims, \u00e0 proximit\u00e9 directe des commerces et des transports en commun : bus, tram et trains.<\/p>\n\n\n\n<p>L\u2019appartement est lou\u00e9 meubl\u00e9 et \u00e9quip\u00e9 de vaisselle et de linge de maison.<\/p>\n\n\n\n<p>D\u2019une surface d&rsquo;environ 45 m2, l\u2019appartement se situe au dernier \u00e9tage d\u2019une petite copropri\u00e9t\u00e9 s\u00e9curis\u00e9e et propose :\r<br>\u2013 Un hall d\u2019entr\u00e9e avec WC s\u00e9par\u00e9 \r<br>\u2013 Un salon\r<br>\u2013 Une cuisine \u00e9quip\u00e9e\r<br>\u2013 Une chambre \u00e0 coucher\r<br>\u2013 Une salle de douche<\/p>\n\n\n\n<p>Les charges comprennent l\u2019eau, le chauffage, l\u2019\u00e9lectricit\u00e9 et Internet. L&rsquo;assurance locative est \u00e0 souscrire.<\/p>\n\n\n\n<p>Possibilit\u00e9 de louer pour des courtes dur\u00e9e \u00e0 partir de 6 mois.\r<br>Libre au 15 juillet 2026.<\/p>\n\n\n\n<p>Pour toute information, contactez-nous pour une visite et le d\u00e9p\u00f4t de vos candidatures.<\/p>\n\n\n\n<p>&#8211; Loyer 1.750 euros \r<br>&#8211; Charges 250 euros (y compris Internet)\r<br>&#8211; Assurance locative \u00e0 souscrire\r<br>&#8211; Caution 2 mois de loyer soit 3.500 euros\r<br>&#8211; Frais d&rsquo;agence 1\/2 mois de loyer + TVA\r<br>&#8211; Justifier d&rsquo;un revenu mensuel correct avec CDI ou paiement unitaire de l&rsquo;int\u00e9gralit\u00e9 des loyers pendant la p\u00e9riode d&rsquo;essai pour les nouveaux contrats.<\/p>","protected":false},"excerpt":{"rendered":"<p>Posez vos valises dans ce charmant appartement id\u00e9alement situ\u00e9 dans le quartier de la gare, rue de Reims, \u00e0 proximit\u00e9 directe des commerces et des transports en commun : bus, tram et trains. L\u2019appartement est lou\u00e9 meubl\u00e9 et \u00e9quip\u00e9 de vaisselle et de linge de maison. D\u2019une surface d&rsquo;environ 45 m2, l\u2019appartement se situe au [&hellip;]<\/p>\n","protected":false},"author":1,"featured_media":0,"template":"","meta":[],"class_list":["post-16255","wdk-listing","type-wdk-listing","status-publish","hentry"],"custom_fields":{"idlisting":"162","post_id":"16255","transition_id":null,"category_id":"14","location_id":"136","is_primary":null,"last_edit_user_id":null,"related_id":null,"is_featured":"0","is_activated":"1","is_approved":"1","lat":"49.603170","lng":"6.109170","address":" Luxembourg Gare","rank":"1","date":"2026-04-30 10:26:16","date_modified":null,"date_activated":null,"date_rank_expire":null,"date_alert":null,"date_notify":null,"date_repost":null,"date_renew":null,"date_activation_paid":null,"date_featured_paid":null,"date_status":null,"date_expire":null,"status":null,"last_edit_ip":null,"counter_views":"4","reviews_stars":null,"listing_images":"17024,17025,17026,17027,17028,17029,17030,17031,17032,17033","affilate_id":null,"not_notified_user":null,"hubspot_id":null,"date_package_expire":null,"package_id":null,"listing_images_path":"2026\/04\/14d249597fbdf407ccb23d52a1a58d34_997a47780e_4032-original-1-scaled.jpg,2026\/04\/f1f65100c5932a27ba1e20fec5b5f4c5_dc096d8dd1_4032-original-1-scaled.jpg,2026\/04\/86d077885024d31fa7ad3b4cae4492bf_bdc275f201_4032-original-1-scaled.jpg,2026\/04\/45e010d4af2c2a0ca6a6d8bc158e5e6c_f366cbfa80_4032-original-1-scaled.jpg,2026\/04\/60a590210b232f315570aa3e868e0b2a_02f9acd256_3939-original-1-scaled.jpg,2026\/04\/368592f00c4032fc66860002a205432b_9f6707de4e_4096-original-1-scaled.jpg,2026\/04\/2ef9aba9ca2a607f8e435db973f5442a_36de4390a0_4032-original-1-scaled.jpg,2026\/04\/2001e6ec199970c449cc3dccca965649_6055e84193_4032-original-1-scaled.jpg,2026\/04\/2d7bf1eab5585691a1bf6b77e8baaf9c_5de8f23829_3617-original-1-scaled.jpg,2026\/04\/781294c201e9bc1ad3c667370590b3ae_8319b1e7c4_3901-original-1-scaled.jpg","subscription_id":null,"user_id_editor":"6","listing_plans_documents":"","categories_list":"","locations_list":"","listing_images_path_medium":"2026\/04\/14d249597fbdf407ccb23d52a1a58d34_997a47780e_4032-original-1-scaled.jpg,2026\/04\/f1f65100c5932a27ba1e20fec5b5f4c5_dc096d8dd1_4032-original-1-scaled.jpg,2026\/04\/86d077885024d31fa7ad3b4cae4492bf_bdc275f201_4032-original-1-scaled.jpg,2026\/04\/45e010d4af2c2a0ca6a6d8bc158e5e6c_f366cbfa80_4032-original-1-scaled.jpg,2026\/04\/60a590210b232f315570aa3e868e0b2a_02f9acd256_3939-original-1-scaled.jpg,2026\/04\/368592f00c4032fc66860002a205432b_9f6707de4e_4096-original-1-scaled.jpg,2026\/04\/2ef9aba9ca2a607f8e435db973f5442a_36de4390a0_4032-original-1-scaled.jpg,2026\/04\/2001e6ec199970c449cc3dccca965649_6055e84193_4032-original-1-scaled.jpg,2026\/04\/2d7bf1eab5585691a1bf6b77e8baaf9c_5de8f23829_3617-original-1-scaled.jpg,2026\/04\/781294c201e9bc1ad3c667370590b3ae_8319b1e7c4_3901-original-1-scaled.jpg","listing_related_ids":"","sublisting_order":null,"listing_parent_post_id":null,"user_id_editor_display_name":"","user_id_editor_user_login":"","user_id_editor_wdk_slug":"","user_id_editor_avatar":"","counter_results_views":"13","ID":"16255","post_author":"1","post_date":"2026-04-30 10:25:37","post_date_gmt":"2026-04-30 08:25:37","post_content":"<!-- wp:paragraph -->\n<p>Posez vos valises dans ce charmant appartement id\u00e9alement situ\u00e9 dans le quartier de la gare, rue de Reims, \u00e0 proximit\u00e9 directe des commerces et des transports en commun : bus, tram et trains.<\/p>\n<!-- \/wp:paragraph -->\n\n<!-- wp:paragraph -->\n<p>L\u2019appartement est lou\u00e9 meubl\u00e9 et \u00e9quip\u00e9 de vaisselle et de linge de maison.<\/p>\n<!-- \/wp:paragraph -->\n\n<!-- wp:paragraph -->\n<p>D\u2019une surface d'environ 45 m2, l\u2019appartement se situe au dernier \u00e9tage d\u2019une petite copropri\u00e9t\u00e9 s\u00e9curis\u00e9e et propose :\r<br>\u2013 Un hall d\u2019entr\u00e9e avec WC s\u00e9par\u00e9 \r<br>\u2013 Un salon\r<br>\u2013 Une cuisine \u00e9quip\u00e9e\r<br>\u2013 Une chambre \u00e0 coucher\r<br>\u2013 Une salle de douche<\/p>\n<!-- \/wp:paragraph -->\n\n<!-- wp:paragraph -->\n<p>Les charges comprennent l\u2019eau, le chauffage, l\u2019\u00e9lectricit\u00e9 et Internet. L'assurance locative est \u00e0 souscrire.<\/p>\n<!-- \/wp:paragraph -->\n\n<!-- wp:paragraph -->\n<p>Possibilit\u00e9 de louer pour des courtes dur\u00e9e \u00e0 partir de 6 mois.\r<br>Libre au 15 juillet 2026.<\/p>\n<!-- \/wp:paragraph -->\n\n<!-- wp:paragraph -->\n<p>Pour toute information, contactez-nous pour une visite et le d\u00e9p\u00f4t de vos candidatures.<\/p>\n<!-- \/wp:paragraph -->\n\n<!-- wp:paragraph -->\n<p>- Loyer 1.750 euros \r<br>- Charges 250 euros (y compris Internet)\r<br>- Assurance locative \u00e0 souscrire\r<br>- Caution 2 mois de loyer soit 3.500 euros\r<br>- Frais d'agence 1\/2 mois de loyer + TVA\r<br>- Justifier d'un revenu mensuel correct avec CDI ou paiement unitaire de l'int\u00e9gralit\u00e9 des loyers pendant la p\u00e9riode d'essai pour les nouveaux contrats.<\/p>\n<!-- \/wp:paragraph -->","post_title":"\u00c0 louer - Appartement meubl\u00e9 1 chambre - Luxembourg-Gare","post_excerpt":"","post_status":"publish","comment_status":"open","ping_status":"open","post_password":"","post_name":"location-appartement-luxembourg-1-chambres-86958953","to_ping":"","pinged":"","post_modified":"2026-04-30 10:25:37","post_modified_gmt":"2026-04-30 08:25:37","post_content_filtered":"","post_parent":"0","guid":"https:\/\/sgimmo.lu\/properties\/location-appartement-luxembourg-1-chambres-86958953\/","menu_order":"1","post_type":"wdk-listing","post_mime_type":"","comment_count":"0","idlistings_fields":"162","lang_code":null,"field_2_TEXTAREA":"Appartement location \u00e0 Luxembourg \u2013 1 chambres. D\u00e9couvrez ce bien propos\u00e9 par SG Immobilier Luxembourg.","field_3_INPUTBOX":"Appartement Luxembourg, immobilier Luxembourg, Appartement location Luxembourg, agence immobiliere Luxembourg, SG Immobilier Luxembourg","field_5_DROPDOWN":"Location","field_6_NUMBER":"1750.00","field_8_NUMBER":"45.00","field_10_NUMBER":null,"field_11_NUMBER":null,"field_13_NUMBER":"1.00","field_14_NUMBER":"1.00","field_15_NUMBER":null,"field_16_INPUTBOX":"86958953-","field_17_DROPDOWN":"F","field_19_INPUTBOX":"LU","field_20_INPUTBOX":null,"field_21_INPUTBOX":"Luxembourg","field_22_INPUTBOX":"Gare","field_23_INPUTBOX":null,"field_24_INPUTBOX":null,"field_25_INPUTBOX":null,"field_28_CHECKBOX":null,"field_31_CHECKBOX":null,"field_33_CHECKBOX":null,"field_37_CHECKBOX":"1","field_41_CHECKBOX":null,"field_42_CHECKBOX":null,"field_43_CHECKBOX":null,"field_47_CHECKBOX":null,"field_50_INPUTBOX":null,"field_51_INPUTBOX":null,"field_52_TEXTAREA":null,"field_53_TEXTAREA":null,"field_67_INPUTBOX":null,"field_68_CHECKBOX":null,"field_69_CHECKBOX":null,"field_70_INPUTBOX":null,"field_70_CHECKBOX":null,"field_71_INPUTBOX":null,"field_71_CHECKBOX":null,"field_72_CHECKBOX":null,"field_73_CHECKBOX":null,"field_74_CHECKBOX":null,"field_75_CHECKBOX":null,"field_76_CHECKBOX":null,"field_77_CHECKBOX":null,"field_78_CHECKBOX":null,"field_79_CHECKBOX":null,"field_80_CHECKBOX":null,"field_81_CHECKBOX":null,"field_82_CHECKBOX":null,"field_83_CHECKBOX":null,"field_84_CHECKBOX":null,"field_85_CHECKBOX":null,"field_87_CHECKBOX":"1","field_88_CHECKBOX":"1","field_89_CHECKBOX":"1","field_90_CHECKBOX":"1","field_91_CHECKBOX":null,"field_92_CHECKBOX":"1","field_93_INPUTBOX":null,"field_94_CHECKBOX":null,"field_93_CHECKBOX":"1","field_47_INPUTBOX":null,"field_96_NUMBER":null,"field_47_NUMBER":null,"field_97_CHECKBOX":null,"field_99_NUMBER":null,"field_100_CHECKBOX":null,"field_101_CHECKBOX":null,"field_102_CHECKBOX":null,"field_103_CHECKBOX":null,"field_104_CHECKBOX":null,"field_105_DROPDOWN":null,"field_106_CHECKBOX":null,"field_109_CHECKBOX":null,"field_110_NUMBER":null,"field_111_NUMBER":null,"field_112_DROPDOWN":"F","field_113_CHECKBOX":null,"field_114_CHECKBOX":null,"field_115_CHECKBOX":null,"field_116_CHECKBOX":null,"field_117_CHECKBOX":null,"field_118_CHECKBOX":null,"field_119_CHECKBOX":null,"field_120_CHECKBOX":null,"field_121_CHECKBOX":"1","field_122_INPUTBOX":null,"field_123_CHECKBOX":null,"field_124_CHECKBOX":"1","field_125_NUMBER":"1.00","field_126_NUMBER":null,"field_127_NUMBER":"1.00","field_128_CHECKBOX":null,"field_129_CHECKBOX":null,"field_130_CHECKBOX":null,"field_131_CHECKBOX":null,"field_132_CHECKBOX":null,"field_133_CHECKBOX":null,"field_134_CHECKBOX":null,"field_135_NUMBER":null,"field_136_CHECKBOX":null,"field_135_CHECKBOX":null,"field_122_CHECKBOX":null,"field_137_INPUTBOX":null,"field_138_CHECKBOX":null,"field_137_CHECKBOX":null,"field_139_CHECKBOX":"1","field_140_CHECKBOX":"1","field_141_CHECKBOX":null,"field_142_CHECKBOX":"1","field_143_CHECKBOX":"1","field_144_CHECKBOX":null,"field_145_CHECKBOX":null,"field_146_CHECKBOX":null,"field_147_CHECKBOX":null,"field_148_TEXTAREA_WYSIWYG":"Put your suitcases in this charming apartment ideally located in the district of the station, rue de Reims, close to shops and public transport: bus, tram and trains.\r\n\r\nThe apartment is rented furnished and equipped with dishes and linens.\r\n\r\nWith an area of approximately 45 m2, the apartment is located on the top floor of a small secure condominium and offers:\r\n\u2013 Lobby with separate WC \r\n\u2013 A salon\r\n- Equipped kitchen\r\n-One bedroom\r\n\u2013 A shower room\r\n\r\nCharges include water, heating, electricity and internet. Rental insurance is to be taken out.\r\n\r\nPossibility to rent for short periods from 6 months.\r\nAvailable for the 15st july 2026\r\n\r\nFor any information, contact us for a visit and the submission of your applications.\r\n\r\n- Rent 1.750 euros \r\n- Charges 250 euros (including Internet)\r\n- Rental insurance to be taken out\r\n- Deposit 2 months rent or 3,500 euros\r\n- Agency fees 1\/2 month rent + VAT\r\n- Prove a correct monthly income with CDI or unit payment of all rents during the trial period for new contracts.","field_149_INPUTBOX":"For rent - Furnished 1 bedroom apartment - Luxembourg-Gare","field_150_NUMBER":"250.00","field_151_DROPDOWN":null,"field_154_DROPDOWN":null,"field_155_CHECKBOX":null,"field_156_CHECKBOX":null,"field_157_CHECKBOX":null,"field_158_CHECKBOX":null,"field_159_CHECKBOX":null,"field_160_CHECKBOX":null,"field_161_CHECKBOX":null,"field_162_CHECKBOX":null,"field_163_CHECKBOX":null,"field_164_CHECKBOX":null,"field_165_CHECKBOX":null,"field_166_CHECKBOX":null,"field_167_CHECKBOX":null,"field_169_CHECKBOX":null,"field_170_CHECKBOX":null,"field_171_CHECKBOX":null,"field_172_CHECKBOX":"1","field_173_CHECKBOX":null,"field_174_CHECKBOX":null,"field_175_TEXTAREA_WYSIWYG":null,"field_176_TEXTAREA_WYSIWYG":null,"field_175_TEXTAREA":"<div class=\"apimo-rooms-table\" style=\"font-family:Poppins,sans-serif\"><div class=\"apimo-rooms-group\"><div class=\"apimo-rooms-group-title\" style=\"font-family:Poppins,sans-serif;font-size:12px;line-height:1.4;font-weight:500;text-transform:uppercase;letter-spacing:0.03em;margin:0 0 10px 0\">SURFACES<\/div><table class=\"apimo-rooms-table-inner\" style=\"border-collapse:collapse;border-spacing:0;margin:0\"><colgroup><col><col><\/colgroup><tbody><tr><td class=\"apimo-room-label\" style=\"padding:10px 12px;vertical-align:top;font-family:Poppins,sans-serif;font-size:12px;line-height:1.4;font-weight:400\">1 Lobby<\/td><td class=\"apimo-room-area\" style=\"padding:10px 12px;text-align:right;font-family:Poppins,sans-serif;font-size:12px;line-height:1.4;font-weight:600;white-space:nowrap;vertical-align:top\"><\/td><\/tr><tr><td class=\"apimo-room-label\" style=\"padding:10px 12px;vertical-align:top;font-family:Poppins,sans-serif;font-size:12px;line-height:1.4;font-weight:400\">1 WC<\/td><td class=\"apimo-room-area\" style=\"padding:10px 12px;text-align:right;font-family:Poppins,sans-serif;font-size:12px;line-height:1.4;font-weight:600;white-space:nowrap;vertical-align:top\"><\/td><\/tr><tr><td class=\"apimo-room-label\" style=\"padding:10px 12px;vertical-align:top;font-family:Poppins,sans-serif;font-size:12px;line-height:1.4;font-weight:400\">1 Salon<\/td><td class=\"apimo-room-area\" style=\"padding:10px 12px;text-align:right;font-family:Poppins,sans-serif;font-size:12px;line-height:1.4;font-weight:600;white-space:nowrap;vertical-align:top\"><\/td><\/tr><tr><td class=\"apimo-room-label\" style=\"padding:10px 12px;vertical-align:top;font-family:Poppins,sans-serif;font-size:12px;line-height:1.4;font-weight:400\">1 Cuisine \u00e9quip\u00e9e<\/td><td class=\"apimo-room-area\" style=\"padding:10px 12px;text-align:right;font-family:Poppins,sans-serif;font-size:12px;line-height:1.4;font-weight:600;white-space:nowrap;vertical-align:top\"><\/td><\/tr><tr><td class=\"apimo-room-label\" style=\"padding:10px 12px;vertical-align:top;font-family:Poppins,sans-serif;font-size:12px;line-height:1.4;font-weight:400\">1 Chambre<\/td><td class=\"apimo-room-area\" style=\"padding:10px 12px;text-align:right;font-family:Poppins,sans-serif;font-size:12px;line-height:1.4;font-weight:600;white-space:nowrap;vertical-align:top\"><\/td><\/tr><tr><td class=\"apimo-room-label\" style=\"padding:10px 12px;vertical-align:top;font-family:Poppins,sans-serif;font-size:12px;line-height:1.4;font-weight:400\">1 Salle de douche<\/td><td class=\"apimo-room-area\" style=\"padding:10px 12px;text-align:right;font-family:Poppins,sans-serif;font-size:12px;line-height:1.4;font-weight:600;white-space:nowrap;vertical-align:top\"><\/td><\/tr><\/tbody><\/table><\/div><\/div>","field_176_TEXTAREA":"<div class=\"apimo-rooms-table\" style=\"font-family:Poppins,sans-serif\"><div class=\"apimo-rooms-group\"><div class=\"apimo-rooms-group-title\" style=\"font-family:Poppins,sans-serif;font-size:12px;line-height:1.4;font-weight:500;text-transform:uppercase;letter-spacing:0.03em;margin:0 0 10px 0\">AREAS<\/div><table class=\"apimo-rooms-table-inner\" style=\"border-collapse:collapse;border-spacing:0;margin:0\"><colgroup><col><col><\/colgroup><tbody><tr><td class=\"apimo-room-label\" style=\"padding:10px 12px;vertical-align:top;font-family:Poppins,sans-serif;font-size:12px;line-height:1.4;font-weight:400\">1 Lobby<\/td><td class=\"apimo-room-area\" style=\"padding:10px 12px;text-align:right;font-family:Poppins,sans-serif;font-size:12px;line-height:1.4;font-weight:600;white-space:nowrap;vertical-align:top\"><\/td><\/tr><tr><td class=\"apimo-room-label\" style=\"padding:10px 12px;vertical-align:top;font-family:Poppins,sans-serif;font-size:12px;line-height:1.4;font-weight:400\">1 Lavatory<\/td><td class=\"apimo-room-area\" style=\"padding:10px 12px;text-align:right;font-family:Poppins,sans-serif;font-size:12px;line-height:1.4;font-weight:600;white-space:nowrap;vertical-align:top\"><\/td><\/tr><tr><td class=\"apimo-room-label\" style=\"padding:10px 12px;vertical-align:top;font-family:Poppins,sans-serif;font-size:12px;line-height:1.4;font-weight:400\">1 Living-room<\/td><td class=\"apimo-room-area\" style=\"padding:10px 12px;text-align:right;font-family:Poppins,sans-serif;font-size:12px;line-height:1.4;font-weight:600;white-space:nowrap;vertical-align:top\"><\/td><\/tr><tr><td class=\"apimo-room-label\" style=\"padding:10px 12px;vertical-align:top;font-family:Poppins,sans-serif;font-size:12px;line-height:1.4;font-weight:400\">1 Equipped kitchen<\/td><td class=\"apimo-room-area\" style=\"padding:10px 12px;text-align:right;font-family:Poppins,sans-serif;font-size:12px;line-height:1.4;font-weight:600;white-space:nowrap;vertical-align:top\"><\/td><\/tr><tr><td class=\"apimo-room-label\" style=\"padding:10px 12px;vertical-align:top;font-family:Poppins,sans-serif;font-size:12px;line-height:1.4;font-weight:400\">1 Bedroom<\/td><td class=\"apimo-room-area\" style=\"padding:10px 12px;text-align:right;font-family:Poppins,sans-serif;font-size:12px;line-height:1.4;font-weight:600;white-space:nowrap;vertical-align:top\"><\/td><\/tr><tr><td class=\"apimo-room-label\" style=\"padding:10px 12px;vertical-align:top;font-family:Poppins,sans-serif;font-size:12px;line-height:1.4;font-weight:400\">1 Shower room<\/td><td class=\"apimo-room-area\" style=\"padding:10px 12px;text-align:right;font-family:Poppins,sans-serif;font-size:12px;line-height:1.4;font-weight:600;white-space:nowrap;vertical-align:top\"><\/td><\/tr><\/tbody><\/table><\/div><\/div>","field_177_CHECKBOX":null,"field_178_CHECKBOX":null,"field_179_CHECKBOX":null,"field_180_CHECKBOX":null,"field_181_CHECKBOX":null,"field_182_CHECKBOX":null,"field_183_CHECKBOX":null,"field_184_INPUTBOX":null,"field_185_INPUTBOX":null,"field_186_INPUTBOX":null,"field_105_INPUTBOX":null,"field_187_CHECKBOX":null,"field_188_CHECKBOX":null,"field_189_INPUTBOX":null,"field_190_CHECKBOX":null,"field_191_CHECKBOX":null,"field_192_CHECKBOX":null,"field_193_INPUTBOX":null,"field_194_INPUTBOX":null,"field_195_INPUTBOX":null,"field_196_INPUTBOX":null,"field_197_INPUTBOX":null,"field_198_INPUTBOX":null,"field_199_INPUTBOX":null,"field_200_INPUTBOX":null,"field_202_CHECKBOX":null,"field_203_CHECKBOX":null,"field_204_INPUTBOX":null,"field_205_CHECKBOX":null,"field_204_CHECKBOX":null,"field_206_CHECKBOX":null,"field_207_CHECKBOX":null,"field_208_CHECKBOX":null,"field_209_CHECKBOX":null,"field_210_CHECKBOX":null,"field_211_CHECKBOX":null,"field_212_CHECKBOX":null,"field_213_CHECKBOX":null,"field_214_CHECKBOX":null,"field_215_CHECKBOX":null,"field_216_CHECKBOX":null,"field_217_CHECKBOX":null,"field_218_CHECKBOX":null,"field_219_CHECKBOX":"1","field_220_CHECKBOX":null,"field_221_CHECKBOX":"1","field_222_CHECKBOX":"1","field_223_CHECKBOX":null,"field_224_CHECKBOX":"1","field_225_CHECKBOX":null,"field_226_CHECKBOX":null,"field_227_CHECKBOX":null,"field_228_CHECKBOX":null,"field_229_CHECKBOX":null,"field_230_CHECKBOX":null,"field_231_CHECKBOX":null,"field_232_CHECKBOX":null,"field_233_CHECKBOX":null,"field_234_CHECKBOX":null,"field_235_CHECKBOX":null,"field_236_CHECKBOX":null,"field_237_CHECKBOX":null,"field_238_CHECKBOX":null,"field_239_CHECKBOX":null,"field_240_CHECKBOX":null,"field_241_CHECKBOX":null,"field_242_CHECKBOX":null,"field_243_CHECKBOX":null,"field_244_CHECKBOX":null,"field_245_CHECKBOX":null,"field_246_CHECKBOX":null,"field_248_CHECKBOX":null,"field_249_CHECKBOX":null,"field_250_CHECKBOX":null,"field_251_CHECKBOX":null,"field_252_CHECKBOX":null,"field_253_CHECKBOX":null,"field_254_CHECKBOX":null,"field_255_CHECKBOX":null,"field_256_CHECKBOX":null,"field_257_CHECKBOX":null,"field_258_CHECKBOX":null,"field_259_CHECKBOX":null,"field_260_CHECKBOX":null,"field_261_CHECKBOX":null,"field_262_CHECKBOX":null,"field_263_CHECKBOX":null,"field_264_CHECKBOX":null,"field_265_CHECKBOX":null,"field_266_CHECKBOX":null,"field_267_CHECKBOX":null,"field_268_CHECKBOX":null,"field_269_CHECKBOX":null,"field_270_CHECKBOX":null,"field_271_CHECKBOX":null,"field_272_CHECKBOX":null,"field_273_CHECKBOX":null,"field_274_CHECKBOX":null,"field_275_CHECKBOX":null,"field_276_CHECKBOX":null,"field_277_CHECKBOX":null,"field_278_CHECKBOX":null,"field_193_CHECKBOX":null,"field_184_CHECKBOX":null,"field_185_CHECKBOX":null,"field_186_CHECKBOX":null,"field_154_TEXTAREA":"Disponible 15 juillet 2026","field_155_NUMBER":"1.00","field_279_INPUTBOX":null,"field_280_INPUTBOX":null,"field_281_INPUTBOX":"Available for 15st july 2026","field_282_CHECKBOX":"1","field_283_CHECKBOX":null,"field_284_NUMBER":"1.00","field_286_CHECKBOX":null,"field_287_CHECKBOX":null,"field_288_CHECKBOX":"1","field_289_CHECKBOX":null,"field_290_CHECKBOX":null,"fields_post_id":"16255","location_title":"Luxembourg Gare","category_title":"Appartement"},"_links":{"self":[{"href":"https:\/\/sgimmo.lu\/en\/wp-json\/wp\/v2\/wdk-listing\/16255","targetHints":{"allow":["GET"]}}],"collection":[{"href":"https:\/\/sgimmo.lu\/en\/wp-json\/wp\/v2\/wdk-listing"}],"about":[{"href":"https:\/\/sgimmo.lu\/en\/wp-json\/wp\/v2\/types\/wdk-listing"}],"author":[{"embeddable":true,"href":"https:\/\/sgimmo.lu\/en\/wp-json\/wp\/v2\/users\/1"}],"version-history":[{"count":1,"href":"https:\/\/sgimmo.lu\/en\/wp-json\/wp\/v2\/wdk-listing\/16255\/revisions"}],"predecessor-version":[{"id":17023,"href":"https:\/\/sgimmo.lu\/en\/wp-json\/wp\/v2\/wdk-listing\/16255\/revisions\/17023"}],"wp:attachment":[{"href":"https:\/\/sgimmo.lu\/en\/wp-json\/wp\/v2\/media?parent=16255"}],"curies":[{"name":"wp","href":"https:\/\/api.w.org\/{rel}","templated":true}]}}